{"id":63170,"date":"2023-05-05T09:05:13","date_gmt":"2023-05-05T07:05:13","guid":{"rendered":"https:\/\/ecclesia.church\/locations\/ansbach\/"},"modified":"2025-07-03T11:04:38","modified_gmt":"2025-07-03T09:04:38","slug":"ansbach","status":"publish","type":"page","link":"https:\/\/ecclesia.church\/en\/locations\/ansbach\/","title":{"rendered":"Ansbach"},"content":{"rendered":"\n<div class=\"wp-block-cover alignfull\" style=\"min-height:430px;aspect-ratio:unset;\"><span aria-hidden=\"true\" class=\"wp-block-cover__background has-background-dim-80 has-background-dim wp-block-cover__gradient-background has-background-gradient has-black-from-left-gradient-background\"><\/span><img decoding=\"async\" width=\"2560\" height=\"1707\" class=\"wp-block-cover__image-background wp-image-52657\" alt=\"\" src=\"https:\/\/ecclesia.church\/wp-content\/uploads\/Orig.-4-scaled.jpg\" style=\"object-position:30% 67%\" data-object-fit=\"cover\" data-object-position=\"30% 67%\" srcset=\"https:\/\/ecclesia.church\/wp-content\/uploads\/Orig.-4-scaled.jpg 2560w, https:\/\/ecclesia.church\/wp-content\/uploads\/Orig.-4-540x360.jpg 540w, https:\/\/ecclesia.church\/wp-content\/uploads\/Orig.-4-1080x720.jpg 1080w, https:\/\/ecclesia.church\/wp-content\/uploads\/Orig.-4-1536x1024.jpg 1536w, https:\/\/ecclesia.church\/wp-content\/uploads\/Orig.-4-2048x1365.jpg 2048w\" sizes=\"(max-width: 2560px) 100vw, 2560px\" \/><div class=\"wp-block-cover__inner-container is-layout-flow wp-block-cover-is-layout-flow\">\n<div class=\"wp-block-group is-content-justification-left is-layout-constrained wp-container-core-group-is-layout-318116a5 wp-block-group-is-layout-constrained\">\n<p class=\"has-text-align-left is-style-subheader has-highlight-color has-text-color\">Welcome to<\/p>\n\n\n\n<h1 class=\"has-heading-overridestyle has-heading-overridestyle-2 wp-block-heading has-text-align-left has-white-color has-text-color\">Ansbach<\/h1>\n<\/div>\n<\/div><\/div>\n\n<div class=\"wp-block-luther-responsive-space luther-responsive-space luther-responsive-space--small\"><\/div>\n\n<div class=\"wp-block-group is-layout-constrained wp-block-group-is-layout-constrained\">\n<h2 class=\"wp-block-heading has-text-align-center\" style=\"margin-top:var(--wp--preset--spacing--xs);margin-bottom:var(--wp--preset--spacing--xs)\">Our location in Ansbach<\/h2>\n\n\n\n<p class=\"has-text-align-center is-style-subheader has-black-color has-text-color\" style=\"margin-top:var(--wp--preset--spacing--m);margin-bottom:var(--wp--preset--spacing--m)\"><strong>Since 2019 we have been celebrating church services at the Capitol cinema in Ansbach.<br\/>You, your family and your friends are very welcome.<br\/>We look forward to you celebrating church services with us.<\/strong><\/p>\n\n\n\n<div class=\"wp-block-luther-responsive-space luther-responsive-space luther-responsive-space--small\"><\/div>\n\n\n\n<div class=\"wp-block-luther-grid luther-grid\"><div class=\"center luther-grid-inner\" style=\"--luther--grid--gap-horizontal:100px;--luther--grid--gap-vertical:0px;--luther--grid--cell-width:500px;--luther--grid--flex-align-horizontal:center;--luther--grid--flex-align-vertical:start\">\n<div class=\"wp-block-luther-grid-container luther-grid-cell is-layout-flow wp-block-luther-grid-container-is-layout-flow\">\n<div class=\"wp-block-luther-card luther-card\">\n<div class=\"wp-block-luther-card-row luther-card-row is-undefined is-layout-flow wp-block-luther-card-row-is-layout-flow\" style=\"padding-top:0;padding-right:0;padding-bottom:0;padding-left:0\">\n<div class=\"wp-block-cover\" style=\"min-height:173px;aspect-ratio:unset;\"><span aria-hidden=\"true\" class=\"wp-block-cover__background has-black-background-color has-background-dim-100 has-background-dim\"><\/span><div class=\"wp-block-cover__inner-container is-layout-flow wp-block-cover-is-layout-flow\">\n<h3 class=\"wp-block-heading has-text-align-center\" style=\"margin-top:var(--wp--preset--spacing--sm);margin-bottom:var(--wp--preset--spacing--sm)\">Capitol Cinema<\/h3>\n\n\n\n<p class=\"has-text-align-center is-style-subheader has-white-color has-text-color\" style=\"margin-top:var(--wp--preset--spacing--sm);margin-bottom:var(--wp--preset--spacing--sm)\">Kanalstr. 13<br\/>91522 Ansbach<\/p>\n\n\n\n<p class=\"has-text-align-center is-style-footer-heading\" style=\"margin-top:var(--wp--preset--spacing--xs);margin-bottom:var(--wp--preset--spacing--xs)\"><a href=\"https:\/\/www.google.de\/maps\/place\/Ecclesia+Church+e.V.+-+Standort+Ansbach\/@49.2985924,10.5710589,20.79z\/data=!4m14!1m7!3m6!1s0x4798bbac9ac6f7cd:0xa28db0fcc187f016!2sEcclesia+Church+e.V.+-+Standort+Ansbach!8m2!3d49.2986314!4d10.5712948!16s%2Fg%2F11p5n89zjj!3m5!1s0x4798bbac9ac6f7cd:0xa28db0fcc187f016!8m2!3d49.2986314!4d10.5712948!16s%2Fg%2F11p5n89zjj?entry=ttu\" target=\"_blank\" rel=\"noreferrer noopener\">Google Maps<\/a><br\/><\/p>\n<\/div><\/div>\n<\/div>\n\n\n\n<div class=\"wp-block-luther-card-row luther-card-row is-undefined is-layout-flow wp-block-luther-card-row-is-layout-flow\">\n<h4 class=\"wp-block-heading has-text-align-center has-black-color has-text-color\" style=\"margin-bottom:0\">Sunday<\/h4>\n\n\n\n<p class=\"has-text-align-center is-style-large has-grey-faded-color has-text-color\" style=\"margin-top:var(--wp--preset--spacing--xxs)\"><strong>10:30 a.m.<\/strong> *<\/p>\n<\/div>\n<\/div>\n<\/div>\n\n\n\n<div class=\"wp-block-luther-grid-container luther-grid-cell is-layout-flow wp-block-luther-grid-container-is-layout-flow\">\n<div class=\"wp-block-group alignfull is-layout-grid wp-container-core-group-is-layout-9649a0d9 wp-block-group-is-layout-grid\">\n<div class=\"wp-block-luther-card luther-card wp-container-content-e29552f7\">\n<div class=\"wp-block-luther-card-row luther-card-row is-undefined is-layout-flow wp-block-luther-card-row-is-layout-flow\" style=\"padding-top:0;padding-right:0;padding-bottom:0;padding-left:0\">\n<div class=\"wp-block-cover\" style=\"min-height:173px;aspect-ratio:unset;\"><span aria-hidden=\"true\" class=\"wp-block-cover__background has-black-background-color has-background-dim-100 has-background-dim\"><\/span><div class=\"wp-block-cover__inner-container is-layout-flow wp-block-cover-is-layout-flow\">\n<h3 class=\"wp-block-heading has-text-align-center\" style=\"margin-top:var(--wp--preset--spacing--sm);margin-bottom:var(--wp--preset--spacing--sm)\">Life Church Ansbach<\/h3>\n\n\n\n<p class=\"has-text-align-center is-style-subheader has-white-color has-text-color\" style=\"margin-top:var(--wp--preset--spacing--sm);margin-bottom:var(--wp--preset--spacing--sm)\">T\u00fcrkenstra\u00dfe 18<br\/>91522 Ansbach<\/p>\n\n\n\n<p class=\"has-text-align-center is-style-footer-heading\" style=\"margin-top:var(--wp--preset--spacing--xs);margin-bottom:var(--wp--preset--spacing--xs)\"><a href=\"https:\/\/maps.app.goo.gl\/F86RMwVHiW8cfVQZ6\" target=\"_blank\" rel=\"noreferrer noopener\">Google Maps<\/a><br\/><\/p>\n<\/div><\/div>\n<\/div>\n\n\n\n<div class=\"wp-block-luther-card-row luther-card-row is-undefined is-layout-flow wp-block-luther-card-row-is-layout-flow\">\n<h4 class=\"wp-block-heading has-text-align-center has-black-color has-text-color\" style=\"margin-bottom:0\">First Wednesday<\/h4>\n\n\n\n<p class=\"has-text-align-center is-style-large has-grey-faded-color has-text-color\" style=\"margin-top:var(--wp--preset--spacing--xxs)\"><strong>07:00 p.m.<\/strong>*<\/p>\n<\/div>\n<\/div>\n<\/div>\n<\/div>\n\n\n\n<div class=\"wp-block-luther-grid-container luther-grid-cell is-layout-flow wp-block-luther-grid-container-is-layout-flow\">\n<div class=\"wp-block-luther-card luther-card\">\n<div class=\"wp-block-luther-card-row luther-card-row is-undefined is-layout-flow wp-block-luther-card-row-is-layout-flow\" style=\"padding-top:0;padding-right:0;padding-bottom:0;padding-left:0\">\n<div class=\"wp-block-cover\" style=\"min-height:173px;aspect-ratio:unset;\"><span aria-hidden=\"true\" class=\"wp-block-cover__background has-black-background-color has-background-dim-100 has-background-dim\"><\/span><div class=\"wp-block-cover__inner-container is-layout-flow wp-block-cover-is-layout-flow\">\n<h3 class=\"wp-block-heading has-text-align-center\" style=\"margin-top:var(--wp--preset--spacing--sm);margin-bottom:var(--wp--preset--spacing--sm)\">Maxi Office<\/h3>\n\n\n\n<p class=\"has-text-align-center is-style-subheader has-white-color has-text-color\" style=\"margin-top:var(--wp--preset--spacing--sm);margin-bottom:var(--wp--preset--spacing--sm)\">Maximilianstr. 27<br\/>91522 Ansbach<\/p>\n\n\n\n<p class=\"has-text-align-center is-style-footer-heading\" style=\"margin-top:var(--wp--preset--spacing--xs);margin-bottom:var(--wp--preset--spacing--xs)\"><a href=\"https:\/\/www.google.de\/maps\/place\/Maximilianstra%C3%9Fe+27,+91522+Ansbach\/@49.2987472,10.5710331,19z\/data=!3m1!4b1!4m6!3m5!1s0x4798bbd2aa775b61:0xc5ed7dfec1e527d8!8m2!3d49.2987472!4d10.5722508!16s%2Fg%2F11cskl8b1t?entry=ttu\" target=\"_blank\" rel=\"noreferrer noopener\">Google Maps<br\/><\/a><\/p>\n<\/div><\/div>\n<\/div>\n\n\n\n<div class=\"wp-block-luther-card-row luther-card-row is-undefined is-layout-flow wp-block-luther-card-row-is-layout-flow\">\n<h4 class=\"wp-block-heading has-text-align-center has-black-color has-text-color\" style=\"margin-bottom:0\">Pray First<\/h4>\n\n\n\n<p class=\"has-text-align-center is-style-large has-grey-faded-color has-text-color\" style=\"margin-top:var(--wp--preset--spacing--xxs)\"><strong>06:00 a.m.<br\/><\/strong>every Friday<\/p>\n\n\n\n<h4 class=\"wp-block-heading has-text-align-center has-black-color has-text-color\" style=\"margin-bottom:0\">Heart for the city<\/h4>\n\n\n\n<p class=\"has-text-align-center is-style-large has-grey-faded-color has-text-color\" style=\"margin-top:var(--wp--preset--spacing--xxs)\"><strong>13:00<br\/><\/strong>every first Saturday of the month<\/p>\n<\/div>\n<\/div>\n<\/div>\n<\/div><\/div>\n\n\n\n<p class=\"has-text-align-left is-style-small has-grey-faded-color has-text-color\"> * with English translation<\/p>\n\n\n\n<div class=\"wp-block-luther-responsive-space luther-responsive-space luther-responsive-space--small\"><\/div>\n<\/div>\n\n<div class=\"wp-block-group alignfull is-layout-flow wp-block-group-is-layout-flow\">\n<div class=\"wp-block-cover is-light alignfull\" style=\"min-height:400px;aspect-ratio:unset;\"><span aria-hidden=\"true\" class=\"wp-block-cover__background has-background-dim-70 has-background-dim wp-block-cover__gradient-background has-background-gradient has-black-from-left-gradient-background\" style=\"background-color:#95837a\"><\/span><img decoding=\"async\" width=\"1280\" height=\"505\" class=\"wp-block-cover__image-background wp-image-62780\" alt=\"\" src=\"https:\/\/ecclesia.church\/wp-content\/uploads\/Naechster-Schritt-e1737662772298.jpeg\" data-object-fit=\"cover\" srcset=\"https:\/\/ecclesia.church\/wp-content\/uploads\/Naechster-Schritt-e1737662772298.jpeg 1280w, https:\/\/ecclesia.church\/wp-content\/uploads\/Naechster-Schritt-e1737662772298-640x253.jpeg 640w\" sizes=\"(max-width: 1280px) 100vw, 1280px\" \/><div class=\"wp-block-cover__inner-container is-layout-flow wp-block-cover-is-layout-flow\">\n<div class=\"wp-block-group is-layout-flow wp-block-group-is-layout-flow\">\n<div class=\"wp-block-luther-responsive-space luther-responsive-space luther-responsive-space--small\"><\/div>\n\n\n\n<p class=\"has-text-align-left is-style-subheader has-highlight-color has-text-color\">Small groups<\/p>\n\n\n\n<h4 class=\"has-heading-overridestyle has-heading-overridestyle-2 wp-block-heading has-white-color has-text-color\">Become part of a small group<br\/>in Ansbach and the surrounding area<\/h4>\n\n\n\n<div class=\"wp-block-buttons is-layout-flex wp-block-buttons-is-layout-flex\">\n<div class=\"wp-block-button is-style-outline-white\" aria-label=\"Mehr &#xFC;ber unsere Kleingruppen erfahren\"><a class=\"wp-block-button__link wp-element-button\" href=\"https:\/\/e.church.tools\/grouphomepage\/teYZUJdtyElTTyeTqjqr28rny7RDxWMm\" target=\"_blank\" rel=\"noreferrer noopener\">Learn more<\/a><\/div>\n<\/div>\n\n\n\n<div class=\"wp-block-luther-responsive-space luther-responsive-space luther-responsive-space--small\"><\/div>\n<\/div>\n<\/div><\/div>\n\n\n\n<div class=\"wp-block-luther-responsive-space luther-responsive-space luther-responsive-space--small\"><\/div>\n<\/div>\n\n<div class=\"wp-block-group is-layout-constrained wp-block-group-is-layout-constrained\">\n<h4 class=\"has-heading-overridestyle has-heading-overridestyle-2 wp-block-heading has-black-color has-text-color\">Pastor (in training) for the Ansbach location<\/h4>\n\n\n\n<div class=\"wp-block-columns is-not-stacked-on-mobile luther-responsive-columns-inline-style is-style-media-left responsive-columns-0-31dd80a6-be5c-4890-a68c-3bf90db0be70 is-layout-flex wp-container-core-columns-is-layout-9d6595d7 wp-block-columns-is-layout-flex\" data-uniqueid=\"0-31dd80a6-be5c-4890-a68c-3bf90db0be70\">\n<div class=\"wp-block-column is-vertically-aligned-center is-layout-flow wp-block-column-is-layout-flow\" style=\"flex-basis:40%\">\n<figure class=\"wp-block-image size-large\"><img decoding=\"async\" width=\"1280\" height=\"720\" src=\"https:\/\/ecclesia.church\/wp-content\/uploads\/\/Sunday-Funday-00003.jpg-1-1280x720.webp\" alt=\"\" class=\"wp-image-70028\" srcset=\"https:\/\/ecclesia.church\/wp-content\/uploads\/Sunday-Funday-00003.jpg-1-1280x720.webp 1280w, https:\/\/ecclesia.church\/wp-content\/uploads\/Sunday-Funday-00003.jpg-1-640x360.webp 640w, https:\/\/ecclesia.church\/wp-content\/uploads\/Sunday-Funday-00003.jpg-1-320x180.webp 320w, https:\/\/ecclesia.church\/wp-content\/uploads\/Sunday-Funday-00003.jpg-1-1536x864.webp 1536w, https:\/\/ecclesia.church\/wp-content\/uploads\/Sunday-Funday-00003.jpg-1.webp 1920w\" sizes=\"(max-width: 1280px) 100vw, 1280px\" \/><\/figure>\n<\/div>\n\n\n\n<div class=\"wp-block-column is-vertically-aligned-center is-layout-flow wp-block-column-is-layout-flow\">\n<h4 class=\"has-heading-overridestyle has-heading-overridestyle-3 wp-block-heading has-black-color has-text-color\">Samuel Silo  <\/h4>\n\n\n\n<p class=\"is-style-small\">Pastor (in training) for the Ansbach location<\/p>\n\n\n\n<div class=\"wp-block-buttons is-layout-flex wp-block-buttons-is-layout-flex\">\n<div class=\"wp-block-button is-style-default\" aria-label=\"Link zum Kontaktformular\"><a class=\"wp-block-button__link wp-element-button\" href=\"https:\/\/ecclesia.church\/en\/contact\/\">Contact us<\/a><\/div>\n<\/div>\n<\/div>\n<\/div>\n\n\n\n<div class=\"wp-block-luther-responsive-space luther-responsive-space luther-responsive-space--small\"><\/div>\n\n\n\n<div class=\"wp-block-columns is-not-stacked-on-mobile luther-responsive-columns-inline-style is-style-media-left responsive-columns-1-8e26c066-9299-4b2c-be0c-042fcd80bdf1 is-layout-flex wp-container-core-columns-is-layout-9d6595d7 wp-block-columns-is-layout-flex\" data-uniqueid=\"1-8e26c066-9299-4b2c-be0c-042fcd80bdf1\">\n<div class=\"wp-block-column is-vertically-aligned-center is-layout-flow wp-block-column-is-layout-flow\" style=\"flex-basis:40%\">\n<figure class=\"wp-block-image size-large\"><img decoding=\"async\" width=\"2400\" height=\"1350\" src=\"https:\/\/ecclesia.church\/wp-content\/uploads\/Hand1_Dashboard-edited.png\" alt=\"\" class=\"wp-image-67616\" style=\"aspect-ratio:16\/9;object-fit:cover\" srcset=\"https:\/\/ecclesia.church\/wp-content\/uploads\/Hand1_Dashboard-edited.png 2400w, https:\/\/ecclesia.church\/wp-content\/uploads\/Hand1_Dashboard-edited-640x360.png 640w, https:\/\/ecclesia.church\/wp-content\/uploads\/Hand1_Dashboard-edited-1280x720.png 1280w, https:\/\/ecclesia.church\/wp-content\/uploads\/Hand1_Dashboard-edited-320x180.png 320w, https:\/\/ecclesia.church\/wp-content\/uploads\/Hand1_Dashboard-edited-1536x864.png 1536w, https:\/\/ecclesia.church\/wp-content\/uploads\/Hand1_Dashboard-edited-2048x1152.png 2048w\" sizes=\"(max-width: 2400px) 100vw, 2400px\" \/><\/figure>\n<\/div>\n\n\n\n<div class=\"wp-block-column is-vertically-aligned-center is-layout-flow wp-block-column-is-layout-flow\">\n<h4 class=\"has-heading-overridestyle has-heading-overridestyle-3 wp-block-heading has-black-color has-text-color\">Ecclesia App<\/h4>\n\n\n\n<p class=\"is-style-small\" style=\"margin-top:var(--wp--preset--spacing--m);margin-bottom:var(--wp--preset--spacing--m)\">Ecclesia Church has its own app. Become part of our Ecclesia Church Community, network with others at the Ansbach location and find out all about current events and dates!<\/p>\n\n\n\n<div class=\"wp-block-buttons is-layout-flex wp-block-buttons-is-layout-flex\">\n<div class=\"wp-block-button is-style-default\" aria-label=\"Dieser Link f&#xFC;hrt zur Kontaktseite\"><a class=\"wp-block-button__link wp-element-button\" href=\"https:\/\/ecclesia.church\/en\/app\/\">Ecclesia App<\/a><\/div>\n<\/div>\n<\/div>\n<\/div>\n<\/div>\n\n<div class=\"wp-block-luther-responsive-space luther-responsive-space luther-responsive-space--small\"><\/div>\n\n<div class=\"wp-block-group alignfull has-white-grey-background-color has-background is-layout-constrained wp-block-group-is-layout-constrained\">\n<div class=\"wp-block-luther-responsive-space luther-responsive-space luther-responsive-space--small\"><\/div>\n\n\n\n<p class=\"has-text-align-center is-style-subheader\">Lerne uns besser kennen<\/p>\n\n\n\n<h4 class=\"has-heading-overridestyle has-heading-overridestyle-2 wp-block-heading has-text-align-center\">Next Steps<\/h4>\n\n\n\n<div class=\"wp-block-luther-responsive-space luther-responsive-space luther-responsive-space--x-small\"><\/div>\n\n\n\n<div class=\"wp-block-columns is-style-tight responsive-columns-1-caa504f1-0430-465d-8476-3d388fc6c9c5 is-layout-flex wp-container-core-columns-is-layout-9d6595d7 wp-block-columns-is-layout-flex\" data-uniqueid=\"1-caa504f1-0430-465d-8476-3d388fc6c9c5\">\n<div class=\"wp-block-column is-layout-flow wp-block-column-is-layout-flow\">\n<div class=\"wp-block-luther-next-step luther-next-step\"><div class=\"luther-next-step__background\"><img decoding=\"async\" class=\"luther-next-step__background\" src=\"https:\/\/ecclesia.church\/wp-content\/uploads\/DSC00073.jpg\" alt=\"Next Step Image\"\/><p class=\"background-title\">Schritt 1<\/p><\/div><div class=\"luther-next-step__content\">\n<h3 class=\"wp-block-heading has-text-align-center\" style=\"margin-top:0;margin-bottom:0\"><br>Schritt 1<\/h3>\n\n\n\n<p class=\"has-text-align-center is-style-small has-grey-color has-text-color\" style=\"margin-top:var(--wp--preset--spacing--xs);margin-bottom:var(--wp--preset--spacing--xs)\">Erfahre mehr dar\u00fcber, wer wir als Kirche<br>sind und wie du Teil der Ecclesia Church<br>werden kannst.<br><br><strong>Schritt 1 findet am ersten Sonntag im Monat statt.<\/strong><br><\/p>\n\n\n\n<div class=\"wp-block-buttons is-content-justification-center is-layout-flex wp-container-core-buttons-is-layout-16018d1d wp-block-buttons-is-layout-flex\">\n<div class=\"wp-block-button is-style-outline is-style-outline--1\" aria-label=\"Dies f\u00fchrt zur Seite Next Steps \"><a class=\"wp-block-button__link wp-element-button\" href=\"\/nextsteps\/\">mehr erfahren<\/a><\/div>\n<\/div>\n<\/div><\/div>\n<\/div>\n\n\n\n<div class=\"wp-block-column is-layout-flow wp-block-column-is-layout-flow\">\n<div class=\"wp-block-luther-next-step luther-next-step\"><div class=\"luther-next-step__background\"><img decoding=\"async\" class=\"luther-next-step__background\" src=\"https:\/\/ecclesia.church\/wp-content\/uploads\/Sundays-23-720x720.jpg\" alt=\"Next Step Image\"\/><p class=\"background-title\">Schritt 2<\/p><\/div><div class=\"luther-next-step__content\">\n<h3 class=\"wp-block-heading has-text-align-center\" style=\"margin-top:0;margin-bottom:0\"><br>Schritt 2<\/h3>\n\n\n\n<p class=\"has-text-align-center is-style-small has-grey-color has-text-color\" style=\"margin-top:var(--wp--preset--spacing--xs);margin-bottom:var(--wp--preset--spacing--xs)\">Gott hat einen einzigartigen Plan f\u00fcr dein Leben,<br>und er hat Dich einzigartig gemacht. Wenn du herausfinden willst, wie dieser Plan aussieht, hilft<br>es herauszufinden, wie du gemacht bist.<br><br><strong>Schritt 2 findet am zweiten Sonntag im Monat statt.<br><\/strong><\/p>\n\n\n\n<div class=\"wp-block-buttons is-content-justification-center is-layout-flex wp-container-core-buttons-is-layout-16018d1d wp-block-buttons-is-layout-flex\">\n<div class=\"wp-block-button is-style-outline is-style-outline--2\" aria-label=\"Dies f\u00fchrt zur Seite Next Steps \"><a class=\"wp-block-button__link wp-element-button\" href=\"\/nextsteps\/\">mehr erfahren<\/a><\/div>\n<\/div>\n<\/div><\/div>\n<\/div>\n\n\n\n<div class=\"wp-block-column is-layout-flow wp-block-column-is-layout-flow\">\n<div class=\"wp-block-luther-next-step luther-next-step\"><div class=\"luther-next-step__background\"><img decoding=\"async\" class=\"luther-next-step__background\" src=\"https:\/\/ecclesia.church\/wp-content\/uploads\/3er-I-Next-Stepsjpg-479x720.jpg\" alt=\"Next Step Image\"\/><p class=\"background-title\">Schritt 3<\/p><\/div><div class=\"luther-next-step__content\">\n<h3 class=\"wp-block-heading has-text-align-center\" style=\"margin-top:0;margin-bottom:0\"><br>Schritt 3<\/h3>\n\n\n\n<p class=\"has-text-align-center is-style-small has-grey-color has-text-color\" style=\"margin-top:var(--wp--preset--spacing--xs);margin-bottom:var(--wp--preset--spacing--xs)\">Gott hat eine Berufung, also einen pers\u00f6nlichen, vorherbestimmten Plan, f\u00fcr jeden einzelnen<br>Menschen. Er hat etwas Einzigartiges in uns hineingelegt. Wir wollen dir ein paar M\u00f6glichkeiten aufzeigen, wie du dein Potenzial weiterentwickeln<br>und einsetzen kannst.<br><br><strong>Schritt 3 findet am dritten Sonntag im Monat statt.<br><\/strong><\/p>\n\n\n\n<div class=\"wp-block-buttons is-content-justification-center is-layout-flex wp-container-core-buttons-is-layout-16018d1d wp-block-buttons-is-layout-flex\">\n<div class=\"wp-block-button is-style-outline is-style-outline--3\" aria-label=\"Dies f\u00fchrt zur Seite Next Steps \"><a class=\"wp-block-button__link wp-element-button\" href=\"\/nextsteps\/\">mehr erfahren<\/a><\/div>\n<\/div>\n<\/div><\/div>\n<\/div>\n<\/div>\n\n\n\n<div class=\"wp-block-luther-responsive-space luther-responsive-space luther-responsive-space--large\"><\/div>\n<\/div>\n","protected":false},"excerpt":{"rendered":"<p>Our location in Ansbach Since 2019 we have been celebrating church services at the Capitol cinema in Ansbach.You, your family and your friends are very welcome.We look forward to you celebrating church services with us. * with English translation Pastor (in training) for the Ansbach location Samuel Silo Pastor (in training) for the Ansbach location [&hellip;]<\/p>\n","protected":false},"author":3,"featured_media":0,"parent":52458,"menu_order":202,"comment_status":"closed","ping_status":"closed","template":"templates\/page-no-padding-to-footer.php","meta":{"_acf_changed":false,"footnotes":"","_exclude_from_sitemap":false,"_luther_share_image_id":0},"class_list":["post-63170","page","type-page","status-publish","hentry"],"acf":[],"_links":{"self":[{"href":"https:\/\/ecclesia.church\/en\/wp-json\/wp\/v2\/pages\/63170","targetHints":{"allow":["GET"]}}],"collection":[{"href":"https:\/\/ecclesia.church\/en\/wp-json\/wp\/v2\/pages"}],"about":[{"href":"https:\/\/ecclesia.church\/en\/wp-json\/wp\/v2\/types\/page"}],"author":[{"embeddable":true,"href":"https:\/\/ecclesia.church\/en\/wp-json\/wp\/v2\/users\/3"}],"replies":[{"embeddable":true,"href":"https:\/\/ecclesia.church\/en\/wp-json\/wp\/v2\/comments?post=63170"}],"version-history":[{"count":13,"href":"https:\/\/ecclesia.church\/en\/wp-json\/wp\/v2\/pages\/63170\/revisions"}],"predecessor-version":[{"id":73982,"href":"https:\/\/ecclesia.church\/en\/wp-json\/wp\/v2\/pages\/63170\/revisions\/73982"}],"up":[{"embeddable":true,"href":"https:\/\/ecclesia.church\/en\/wp-json\/wp\/v2\/pages\/52458"}],"wp:attachment":[{"href":"https:\/\/ecclesia.church\/en\/wp-json\/wp\/v2\/media?parent=63170"}],"curies":[{"name":"wp","href":"https:\/\/api.w.org\/{rel}","templated":true}]}}